{"id":3670,"date":"2021-01-13T16:29:55","date_gmt":"2021-01-13T16:29:55","guid":{"rendered":"https:\/\/smartmag.theme-sphere.com\/financial\/"},"modified":"2025-09-28T08:09:00","modified_gmt":"2025-09-28T08:09:00","slug":"homepage","status":"publish","type":"page","link":"https:\/\/echtzeita.de\/","title":{"rendered":"Haus"},"content":{"rendered":"\t\t<div data-elementor-type=\"wp-page\" data-elementor-id=\"3670\" class=\"elementor elementor-3670\">\n\t\t\t\t\t\t<section class=\"has-el-gap el-gap-default elementor-section elementor-top-section elementor-element elementor-element-3012e51 elementor-section-boxed elementor-section-height-default elementor-section-height-default\" data-id=\"3012e51\" data-element_type=\"section\" data-e-type=\"section\">\n\t\t\t\t\t\t<div class=\"elementor-container elementor-column-gap-no\">\n\t\t\t\t\t<div class=\"elementor-column elementor-col-33 elementor-top-column elementor-element elementor-element-a06c4e0\" data-id=\"a06c4e0\" data-element_type=\"column\" data-e-type=\"column\">\n\t\t\t<div class=\"elementor-widget-wrap elementor-element-populated\">\n\t\t\t\t\t\t<div class=\"elementor-element elementor-element-4868703 elementor-widget elementor-widget-smartmag-grid\" data-id=\"4868703\" data-element_type=\"widget\" data-e-type=\"widget\" data-widget_type=\"smartmag-grid.default\">\n\t\t\t\t<div class=\"elementor-widget-container\">\n\t\t\t\t\t\t\t<section class=\"block-wrap block-grid block-sc mb-none\" data-id=\"1\">\n\n\t\t\t\t\t\t\t\t\n\t\t\t\t\t\t\t\n\t\t\t\t<div class=\"block-head block-head-ac block-head-g is-left\">\n\n\t\t\t\t\t<h4 class=\"heading\">Top-Storys<\/h4>\t\t\t\t\t\n\t\t\t\t\t\t\t\t\t<\/div>\n\t\t\t\t\n\t\t\t\n\t\t\t\n\t\t\t<div class=\"block-content\">\n\t\t\t\t\t\n\t<div class=\"loop loop-grid loop-grid-base grid grid-1 md:grid-1 xs:grid-1\">\n\n\t\t\t\t\t\n<article class=\"l-post grid-post grid-base-post\">\n\n\t\n\t\t\t<div class=\"media\">\n\n\t\t\n\t\t\t<a href=\"https:\/\/echtzeita.de\/?p=4859\" class=\"image-link media-ratio ratio-16-9\" title=\"Ronnie Coleman Police \u2013 Die Wahrheit \u00fcber seine Karriere als Polizist\"><img fetchpriority=\"high\" decoding=\"async\" width=\"377\" height=\"212\" src=\"https:\/\/echtzeita.de\/wp-content\/uploads\/2026\/03\/a242-450x263.png\" class=\"attachment-bunyad-medium size-bunyad-medium wp-post-image\" alt=\"Ronnie Coleman Police\" sizes=\"(max-width: 377px) 100vw, 377px\" title=\"Ronnie Coleman Police \u2013 Die Wahrheit \u00fcber seine Karriere als Polizist\" srcset=\"https:\/\/echtzeita.de\/wp-content\/uploads\/2026\/03\/a242-450x263.png 450w, https:\/\/echtzeita.de\/wp-content\/uploads\/2026\/03\/a242-300x175.png 300w, https:\/\/echtzeita.de\/wp-content\/uploads\/2026\/03\/a242-150x88.png 150w, https:\/\/echtzeita.de\/wp-content\/uploads\/2026\/03\/a242.png 600w\" \/><\/a>\t\t\t\n\t\t\t\n\t\t\t\n\t\t\t\n\t\t\n\t\t<\/div>\n\t\n\n\t\n\t\t<div class=\"content\">\n\n\t\t\t<div class=\"post-meta post-meta-a has-below\"><h2 class=\"is-title post-title\"><a href=\"https:\/\/echtzeita.de\/?p=4859\">Ronnie Coleman Police \u2013 Die Wahrheit \u00fcber seine Karriere als Polizist<\/a><\/h2><div class=\"post-meta-items meta-below\"><span class=\"meta-item post-cat\">\n\t\t\t\t\t\t\n\t\t\t\t\t\t<a href=\"https:\/\/echtzeita.de\/?cat=20\" class=\"category term-color-20\" rel=\"category\">Nachricht<\/a>\n\t\t\t\t\t<\/span>\n\t\t\t\t\t<span class=\"meta-item date\"><span class=\"date-link\"><time class=\"post-date\" datetime=\"2026-03-25T07:44:36+00:00\">March 25, 2026<\/time><\/span><\/span><\/div><\/div>\t\t\t\n\t\t\t\t\t\t\n\t\t\t\t<div class=\"excerpt\">\n\t\t\t\t\t<p>Der Begriff \u201eRonnie Coleman Police\u201c sorgt bei vielen Menschen f\u00fcr Neugier, denn&hellip;<\/p>\n\t\t\t\t<\/div>\n\t\t\t\n\t\t\t\n\t\t\t\n\t\t<\/div>\n\n\t\n<\/article>\t\t\n\t<\/div>\n\n\t\t\n\t\t\t<\/div>\n\n\t\t<\/section>\n\t\t\t\t\t\t<\/div>\n\t\t\t\t<\/div>\n\t\t\t\t<div class=\"elementor-element elementor-element-ec12798 elementor-widget-divider--view-line elementor-widget elementor-widget-divider\" data-id=\"ec12798\" data-element_type=\"widget\" data-e-type=\"widget\" data-widget_type=\"divider.default\">\n\t\t\t\t\t\t\t<div class=\"elementor-divider\">\n\t\t\t<span class=\"elementor-divider-separator\">\n\t\t\t\t\t\t<\/span>\n\t\t<\/div>\n\t\t\t\t\t\t<\/div>\n\t\t\t\t<div class=\"elementor-element elementor-element-adb4475 elementor-widget elementor-widget-smartmag-postssmall\" data-id=\"adb4475\" data-element_type=\"widget\" data-e-type=\"widget\" data-widget_type=\"smartmag-postssmall.default\">\n\t\t\t\t<div class=\"elementor-widget-container\">\n\t\t\t\t\t\t\t<section class=\"block-wrap block-posts-small block-sc\" data-id=\"2\">\n\n\t\t\t\t\n\t\t\t<div class=\"block-content\">\n\t\t\t\t\n\t<div class=\"loop loop-small loop-small- grid grid-1 md:grid-1 sm:grid-1 xs:grid-1\">\n\n\t\t\t\t\t\n<article class=\"l-post small-post m-pos-left\">\n\n\t\n\t\t\t<div class=\"media\">\n\n\t\t\n\t\t\t<a href=\"https:\/\/echtzeita.de\/?p=4434\" class=\"image-link media-ratio ratio-4-3\" title=\"Stine Schyberg \u2013 Wer sie ist und warum sie interessiert\"><img decoding=\"async\" width=\"130\" height=\"98\" src=\"https:\/\/echtzeita.de\/wp-content\/uploads\/2025\/11\/a119-300x169.jpg\" class=\"attachment-medium size-medium wp-post-image\" alt=\"Stine Schyberg\" sizes=\"(max-width: 130px) 100vw, 130px\" title=\"Stine Schyberg \u2013 Wer sie ist und warum sie interessiert\" srcset=\"https:\/\/echtzeita.de\/wp-content\/uploads\/2025\/11\/a119-300x169.jpg 300w, https:\/\/echtzeita.de\/wp-content\/uploads\/2025\/11\/a119-1024x576.jpg 1024w, https:\/\/echtzeita.de\/wp-content\/uploads\/2025\/11\/a119-768x432.jpg 768w, https:\/\/echtzeita.de\/wp-content\/uploads\/2025\/11\/a119-150x84.jpg 150w, https:\/\/echtzeita.de\/wp-content\/uploads\/2025\/11\/a119-450x253.jpg 450w, https:\/\/echtzeita.de\/wp-content\/uploads\/2025\/11\/a119-1200x675.jpg 1200w, https:\/\/echtzeita.de\/wp-content\/uploads\/2025\/11\/a119.jpg 1248w\" \/><\/a>\t\t\t\n\t\t\t\n\t\t\t\n\t\t\t\n\t\t\n\t\t<\/div>\n\t\n\n\t\n\t\t<div class=\"content\">\n\n\t\t\t<div class=\"post-meta post-meta-a post-meta-left has-below\"><h4 class=\"is-title post-title limit-lines l-lines-2\"><a href=\"https:\/\/echtzeita.de\/?p=4434\">Stine Schyberg \u2013 Wer sie ist und warum sie interessiert<\/a><\/h4><div class=\"post-meta-items meta-below\"><span class=\"meta-item date\"><span class=\"date-link\"><time class=\"post-date\" datetime=\"2025-11-22T08:15:17+00:00\">November 22, 2025<\/time><\/span><\/span><\/div><\/div>\t\t\t\n\t\t\t\n\t\t\t\n\t\t<\/div>\n\n\t\n<\/article>\t\n\t\t\t\t\t\n<article class=\"l-post small-post m-pos-left\">\n\n\t\n\t\t\t<div class=\"media\">\n\n\t\t\n\t\t\t<a href=\"https:\/\/echtzeita.de\/?p=4689\" class=\"image-link media-ratio ratio-4-3\" title=\"Eddie Van Halen \u2013 Leben, Musik und Verm\u00e4chtnis einer Rock-Legende\"><img decoding=\"async\" width=\"130\" height=\"98\" src=\"https:\/\/echtzeita.de\/wp-content\/uploads\/2026\/02\/a190-300x168.webp\" class=\"attachment-medium size-medium wp-post-image\" alt=\"Eddie Van Halen\" sizes=\"(max-width: 130px) 100vw, 130px\" title=\"Eddie Van Halen \u2013 Leben, Musik und Verm\u00e4chtnis einer Rock-Legende\" srcset=\"https:\/\/echtzeita.de\/wp-content\/uploads\/2026\/02\/a190-300x168.webp 300w, https:\/\/echtzeita.de\/wp-content\/uploads\/2026\/02\/a190-768x431.webp 768w, https:\/\/echtzeita.de\/wp-content\/uploads\/2026\/02\/a190-150x84.webp 150w, https:\/\/echtzeita.de\/wp-content\/uploads\/2026\/02\/a190-450x253.webp 450w, https:\/\/echtzeita.de\/wp-content\/uploads\/2026\/02\/a190.webp 910w\" \/><\/a>\t\t\t\n\t\t\t\n\t\t\t\n\t\t\t\n\t\t\n\t\t<\/div>\n\t\n\n\t\n\t\t<div class=\"content\">\n\n\t\t\t<div class=\"post-meta post-meta-a post-meta-left has-below\"><h4 class=\"is-title post-title limit-lines l-lines-2\"><a href=\"https:\/\/echtzeita.de\/?p=4689\">Eddie Van Halen \u2013 Leben, Musik und Verm\u00e4chtnis einer Rock-Legende<\/a><\/h4><div class=\"post-meta-items meta-below\"><span class=\"meta-item date\"><span class=\"date-link\"><time class=\"post-date\" datetime=\"2026-02-02T10:49:35+00:00\">February 2, 2026<\/time><\/span><\/span><\/div><\/div>\t\t\t\n\t\t\t\n\t\t\t\n\t\t<\/div>\n\n\t\n<\/article>\t\n\t\t\t\t\t\n<article class=\"l-post small-post m-pos-left\">\n\n\t\n\t\t\t<div class=\"media\">\n\n\t\t\n\t\t\t<a href=\"https:\/\/echtzeita.de\/?p=4103\" class=\"image-link media-ratio ratio-4-3\" title=\"Shaun So: Milit\u00e4rveteran, Unternehmer &amp; Ehemann von Anna Chlumsky\"><img loading=\"lazy\" decoding=\"async\" width=\"130\" height=\"98\" src=\"https:\/\/echtzeita.de\/wp-content\/uploads\/2025\/09\/a21-300x200.jpg\" class=\"attachment-medium size-medium wp-post-image\" alt=\"shaun so\" sizes=\"(max-width: 130px) 100vw, 130px\" title=\"Shaun So: Milit\u00e4rveteran, Unternehmer &amp; Ehemann von Anna Chlumsky\" srcset=\"https:\/\/echtzeita.de\/wp-content\/uploads\/2025\/09\/a21-300x200.jpg 300w, https:\/\/echtzeita.de\/wp-content\/uploads\/2025\/09\/a21-768x511.jpg 768w, https:\/\/echtzeita.de\/wp-content\/uploads\/2025\/09\/a21-150x100.jpg 150w, https:\/\/echtzeita.de\/wp-content\/uploads\/2025\/09\/a21-450x300.jpg 450w, https:\/\/echtzeita.de\/wp-content\/uploads\/2025\/09\/a21.jpg 1000w\" \/><\/a>\t\t\t\n\t\t\t\n\t\t\t\n\t\t\t\n\t\t\n\t\t<\/div>\n\t\n\n\t\n\t\t<div class=\"content\">\n\n\t\t\t<div class=\"post-meta post-meta-a post-meta-left has-below\"><h4 class=\"is-title post-title limit-lines l-lines-2\"><a href=\"https:\/\/echtzeita.de\/?p=4103\">Shaun So: Milit\u00e4rveteran, Unternehmer &amp; Ehemann von Anna Chlumsky<\/a><\/h4><div class=\"post-meta-items meta-below\"><span class=\"meta-item date\"><span class=\"date-link\"><time class=\"post-date\" datetime=\"2025-09-29T09:38:16+00:00\">September 29, 2025<\/time><\/span><\/span><\/div><\/div>\t\t\t\n\t\t\t\n\t\t\t\n\t\t<\/div>\n\n\t\n<\/article>\t\n\t\t\t\t\t\n<article class=\"l-post small-post m-pos-left\">\n\n\t\n\t\t\t<div class=\"media\">\n\n\t\t\n\t\t\t<a href=\"https:\/\/echtzeita.de\/?p=4465\" class=\"image-link media-ratio ratio-4-3\" title=\"Daniella Liben \u2013 Wer sie ist und was sie ausmacht\"><img loading=\"lazy\" decoding=\"async\" width=\"130\" height=\"98\" src=\"https:\/\/echtzeita.de\/wp-content\/uploads\/2025\/12\/a127-300x175.webp\" class=\"attachment-medium size-medium wp-post-image\" alt=\"Daniella Liben\" sizes=\"(max-width: 130px) 100vw, 130px\" title=\"Daniella Liben \u2013 Wer sie ist und was sie ausmacht\" srcset=\"https:\/\/echtzeita.de\/wp-content\/uploads\/2025\/12\/a127-300x175.webp 300w, https:\/\/echtzeita.de\/wp-content\/uploads\/2025\/12\/a127-1024x597.webp 1024w, https:\/\/echtzeita.de\/wp-content\/uploads\/2025\/12\/a127-768x448.webp 768w, https:\/\/echtzeita.de\/wp-content\/uploads\/2025\/12\/a127-150x88.webp 150w, https:\/\/echtzeita.de\/wp-content\/uploads\/2025\/12\/a127-450x263.webp 450w, https:\/\/echtzeita.de\/wp-content\/uploads\/2025\/12\/a127.webp 1200w\" \/><\/a>\t\t\t\n\t\t\t\n\t\t\t\n\t\t\t\n\t\t\n\t\t<\/div>\n\t\n\n\t\n\t\t<div class=\"content\">\n\n\t\t\t<div class=\"post-meta post-meta-a post-meta-left has-below\"><h4 class=\"is-title post-title limit-lines l-lines-2\"><a href=\"https:\/\/echtzeita.de\/?p=4465\">Daniella Liben \u2013 Wer sie ist und was sie ausmacht<\/a><\/h4><div class=\"post-meta-items meta-below\"><span class=\"meta-item date\"><span class=\"date-link\"><time class=\"post-date\" datetime=\"2025-12-07T08:00:00+00:00\">December 7, 2025<\/time><\/span><\/span><\/div><\/div>\t\t\t\n\t\t\t\n\t\t\t\n\t\t<\/div>\n\n\t\n<\/article>\t\n\t\t\t\t\t\n<article class=\"l-post small-post m-pos-left\">\n\n\t\n\t\t\t<div class=\"media\">\n\n\t\t\n\t\t\t<a href=\"https:\/\/echtzeita.de\/?p=4115\" class=\"image-link media-ratio ratio-4-3\" title=\"Stanley Sandler: Leben, Familie und Verm\u00e4chtnis\"><img loading=\"lazy\" decoding=\"async\" width=\"130\" height=\"98\" src=\"https:\/\/echtzeita.de\/wp-content\/uploads\/2025\/10\/a25-300x150.jpg\" class=\"attachment-medium size-medium wp-post-image\" alt=\"stanley sandler\" sizes=\"(max-width: 130px) 100vw, 130px\" title=\"Stanley Sandler: Leben, Familie und Verm\u00e4chtnis\" srcset=\"https:\/\/echtzeita.de\/wp-content\/uploads\/2025\/10\/a25-300x150.jpg 300w, https:\/\/echtzeita.de\/wp-content\/uploads\/2025\/10\/a25-1024x512.jpg 1024w, https:\/\/echtzeita.de\/wp-content\/uploads\/2025\/10\/a25-768x384.jpg 768w, https:\/\/echtzeita.de\/wp-content\/uploads\/2025\/10\/a25-1536x768.jpg 1536w, https:\/\/echtzeita.de\/wp-content\/uploads\/2025\/10\/a25-2048x1024.jpg 2048w, https:\/\/echtzeita.de\/wp-content\/uploads\/2025\/10\/a25-450x225.jpg 450w, https:\/\/echtzeita.de\/wp-content\/uploads\/2025\/10\/a25-1200x600.jpg 1200w\" \/><\/a>\t\t\t\n\t\t\t\n\t\t\t\n\t\t\t\n\t\t\n\t\t<\/div>\n\t\n\n\t\n\t\t<div class=\"content\">\n\n\t\t\t<div class=\"post-meta post-meta-a post-meta-left has-below\"><h4 class=\"is-title post-title limit-lines l-lines-2\"><a href=\"https:\/\/echtzeita.de\/?p=4115\">Stanley Sandler: Leben, Familie und Verm\u00e4chtnis<\/a><\/h4><div class=\"post-meta-items meta-below\"><span class=\"meta-item date\"><span class=\"date-link\"><time class=\"post-date\" datetime=\"2025-10-01T14:41:49+00:00\">October 1, 2025<\/time><\/span><\/span><\/div><\/div>\t\t\t\n\t\t\t\n\t\t\t\n\t\t<\/div>\n\n\t\n<\/article>\t\n\t\t\t\t\t\n<article class=\"l-post small-post m-pos-left\">\n\n\t\n\t\t\t<div class=\"media\">\n\n\t\t\n\t\t\t<a href=\"https:\/\/echtzeita.de\/?p=4549\" class=\"image-link media-ratio ratio-4-3\" title=\"Denika Kisty \u2013 Ihr Leben, ihre Familie und ihr Weg\"><img loading=\"lazy\" decoding=\"async\" width=\"130\" height=\"98\" src=\"https:\/\/echtzeita.de\/wp-content\/uploads\/2025\/12\/a151-300x175.webp\" class=\"attachment-medium size-medium wp-post-image\" alt=\"Denika Kisty\" sizes=\"(max-width: 130px) 100vw, 130px\" title=\"Denika Kisty \u2013 Ihr Leben, ihre Familie und ihr Weg\" srcset=\"https:\/\/echtzeita.de\/wp-content\/uploads\/2025\/12\/a151-300x175.webp 300w, https:\/\/echtzeita.de\/wp-content\/uploads\/2025\/12\/a151-1024x597.webp 1024w, https:\/\/echtzeita.de\/wp-content\/uploads\/2025\/12\/a151-768x448.webp 768w, https:\/\/echtzeita.de\/wp-content\/uploads\/2025\/12\/a151-150x88.webp 150w, https:\/\/echtzeita.de\/wp-content\/uploads\/2025\/12\/a151-450x263.webp 450w, https:\/\/echtzeita.de\/wp-content\/uploads\/2025\/12\/a151.webp 1200w\" \/><\/a>\t\t\t\n\t\t\t\n\t\t\t\n\t\t\t\n\t\t\n\t\t<\/div>\n\t\n\n\t\n\t\t<div class=\"content\">\n\n\t\t\t<div class=\"post-meta post-meta-a post-meta-left has-below\"><h4 class=\"is-title post-title limit-lines l-lines-2\"><a href=\"https:\/\/echtzeita.de\/?p=4549\">Denika Kisty \u2013 Ihr Leben, ihre Familie und ihr Weg<\/a><\/h4><div class=\"post-meta-items meta-below\"><span class=\"meta-item date\"><span class=\"date-link\"><time class=\"post-date\" datetime=\"2025-12-06T07:22:12+00:00\">December 6, 2025<\/time><\/span><\/span><\/div><\/div>\t\t\t\n\t\t\t\n\t\t\t\n\t\t<\/div>\n\n\t\n<\/article>\t\n\t\t\n\t<\/div>\n\n\t\t\t\t\t<\/div>\n\n\t\t<\/section>\n\t\t\t\t\t\t<\/div>\n\t\t\t\t<\/div>\n\t\t\t\t\t<\/div>\n\t\t<\/div>\n\t\t\t\t<div class=\"elementor-column elementor-col-33 elementor-top-column elementor-element elementor-element-f25328c\" data-id=\"f25328c\" data-element_type=\"column\" data-e-type=\"column\">\n\t\t\t<div class=\"elementor-widget-wrap elementor-element-populated\">\n\t\t\t\t\t\t<div class=\"elementor-element elementor-element-cc201d9 elementor-widget elementor-widget-smartmag-grid\" data-id=\"cc201d9\" data-element_type=\"widget\" data-e-type=\"widget\" data-widget_type=\"smartmag-grid.default\">\n\t\t\t\t<div class=\"elementor-widget-container\">\n\t\t\t\t\t\t\t<section class=\"block-wrap block-grid block-sc mb-none\" data-id=\"3\">\n\n\t\t\t\t\n\t\t\t<div class=\"block-content\">\n\t\t\t\t\t\n\t<div class=\"loop loop-grid loop-grid-base grid grid-1 md:grid-1 xs:grid-1\">\n\n\t\t\t\t\t\n<article class=\"l-post grid-post grid-base-post\">\n\n\t\n\t\t\t<div class=\"media\">\n\n\t\t\n\t\t\t<a href=\"https:\/\/echtzeita.de\/?p=4873\" class=\"image-link media-ratio ratio-4-3\" title=\"Ingo Zamperoni \u2013 Biografie, Karriere, Familie &amp; Fakten\"><img loading=\"lazy\" decoding=\"async\" width=\"608\" height=\"456\" src=\"https:\/\/echtzeita.de\/wp-content\/uploads\/2026\/04\/e1-768x432.jpg\" class=\"attachment-bunyad-768 size-bunyad-768 wp-post-image\" alt=\"Ingo Zamperoni\" sizes=\"(max-width: 608px) 100vw, 608px\" title=\"Ingo Zamperoni \u2013 Biografie, Karriere, Familie &amp; Fakten\" srcset=\"https:\/\/echtzeita.de\/wp-content\/uploads\/2026\/04\/e1-768x432.jpg 768w, https:\/\/echtzeita.de\/wp-content\/uploads\/2026\/04\/e1.jpg 960w\" \/><\/a>\t\t\t\n\t\t\t\n\t\t\t\n\t\t\t\n\t\t\n\t\t<\/div>\n\t\n\n\t\n\t\t<div class=\"content\">\n\n\t\t\t<div class=\"post-meta post-meta-a has-below\"><h2 class=\"is-title post-title\"><a href=\"https:\/\/echtzeita.de\/?p=4873\">Ingo Zamperoni \u2013 Biografie, Karriere, Familie &amp; Fakten<\/a><\/h2><div class=\"post-meta-items meta-below\"><span class=\"meta-item post-cat\">\n\t\t\t\t\t\t\n\t\t\t\t\t\t<a href=\"https:\/\/echtzeita.de\/?cat=20\" class=\"category term-color-20\" rel=\"category\">Nachricht<\/a>\n\t\t\t\t\t<\/span>\n\t\t\t\t\t<span class=\"meta-item date\"><span class=\"date-link\"><time class=\"post-date\" datetime=\"2026-04-20T09:16:52+00:00\">April 20, 2026<\/time><\/span><\/span><\/div><\/div>\t\t\t\n\t\t\t\t\t\t\n\t\t\t\t<div class=\"excerpt\">\n\t\t\t\t\t<p>Einleitung: Ingo Zamperoni geh\u00f6rt zu den bekanntesten Gesichtern im deutschen Fernsehen und hat sich durch seine ruhige und sachliche Art einen&hellip;<\/p>\n\t\t\t\t<\/div>\n\t\t\t\n\t\t\t\n\t\t\t\n\t\t<\/div>\n\n\t\n<\/article>\t\t\n\t<\/div>\n\n\t\t\n\t\t\t<\/div>\n\n\t\t<\/section>\n\t\t\t\t\t\t<\/div>\n\t\t\t\t<\/div>\n\t\t\t\t<div class=\"elementor-element elementor-element-ac049ec elementor-widget-divider--view-line elementor-widget elementor-widget-divider\" data-id=\"ac049ec\" data-element_type=\"widget\" data-e-type=\"widget\" data-widget_type=\"divider.default\">\n\t\t\t\t\t\t\t<div class=\"elementor-divider\">\n\t\t\t<span class=\"elementor-divider-separator\">\n\t\t\t\t\t\t<\/span>\n\t\t<\/div>\n\t\t\t\t\t\t<\/div>\n\t\t\t\t<div class=\"elementor-element elementor-element-fdde53f elementor-widget elementor-widget-smartmag-postslist\" data-id=\"fdde53f\" data-element_type=\"widget\" data-e-type=\"widget\" data-widget_type=\"smartmag-postslist.default\">\n\t\t\t\t<div class=\"elementor-widget-container\">\n\t\t\t\t\t\t\t<section class=\"block-wrap block-posts-list block-sc\" data-id=\"4\">\n\n\t\t\t\t\n\t\t\t<div class=\"block-content\">\n\t\t\t\t\t\n\t<div class=\"loop loop-list grid grid-1 md:grid-1 sm:grid-1\">\n\n\t\t\t\t\n\t\t\t\n<article class=\"l-post list-post list-post-on-sm m-pos-left\">\n\n\t\n\t\t\t<div class=\"media\">\n\n\t\t\n\t\t\t<a href=\"https:\/\/echtzeita.de\/?p=4204\" class=\"image-link media-ratio ratio-3-2\" title=\"Kristine Saryan \u2013 Leben, Karriere und Beziehung zu Scott Patterson\"><img loading=\"lazy\" decoding=\"async\" width=\"355\" height=\"237\" src=\"https:\/\/echtzeita.de\/wp-content\/uploads\/2025\/10\/a52-450x225.jpg\" class=\"attachment-bunyad-medium size-bunyad-medium wp-post-image\" alt=\"kristine saryan\" sizes=\"(max-width: 355px) 100vw, 355px\" title=\"Kristine Saryan \u2013 Leben, Karriere und Beziehung zu Scott Patterson\" srcset=\"https:\/\/echtzeita.de\/wp-content\/uploads\/2025\/10\/a52-450x225.jpg 450w, https:\/\/echtzeita.de\/wp-content\/uploads\/2025\/10\/a52-1024x512.jpg 1024w, https:\/\/echtzeita.de\/wp-content\/uploads\/2025\/10\/a52-768x384.jpg 768w, https:\/\/echtzeita.de\/wp-content\/uploads\/2025\/10\/a52-1536x768.jpg 1536w, https:\/\/echtzeita.de\/wp-content\/uploads\/2025\/10\/a52-2048x1024.jpg 2048w, https:\/\/echtzeita.de\/wp-content\/uploads\/2025\/10\/a52-1200x600.jpg 1200w\" \/><\/a>\t\t\t\n\t\t\t\n\t\t\t\n\t\t\t\n\t\t\n\t\t<\/div>\n\t\n\n\t\n\t\t<div class=\"content\">\n\n\t\t\t<div class=\"post-meta post-meta-a has-below\"><h2 class=\"is-title post-title limit-lines l-lines-2\"><a href=\"https:\/\/echtzeita.de\/?p=4204\">Kristine Saryan \u2013 Leben, Karriere und Beziehung zu Scott Patterson<\/a><\/h2><div class=\"post-meta-items meta-below\"><span class=\"meta-item post-cat\">\n\t\t\t\t\t\t\n\t\t\t\t\t\t<a href=\"https:\/\/echtzeita.de\/?cat=20\" class=\"category term-color-20\" rel=\"category\">Nachricht<\/a>\n\t\t\t\t\t<\/span>\n\t\t\t\t\t<span class=\"meta-item date\"><span class=\"date-link\"><time class=\"post-date\" datetime=\"2025-10-14T08:36:29+00:00\">October 14, 2025<\/time><\/span><\/span><\/div><\/div>\t\t\t\n\t\t\t\t\t\t\n\t\t\t\t<div class=\"excerpt\">\n\t\t\t\t\t<p>Kristine Saryan ist eine amerikanische Schauspielerin, die durch ihre charmante Art&hellip;<\/p>\n\t\t\t\t<\/div>\n\t\t\t\n\t\t\t\n\t\t\t\n\t\t<\/div>\n\n\t\n<\/article>\n\t\t\t\t\n\t\t\t\n<article class=\"l-post list-post list-post-on-sm m-pos-left\">\n\n\t\n\t\t\t<div class=\"media\">\n\n\t\t\n\t\t\t<a href=\"https:\/\/echtzeita.de\/?p=4359\" class=\"image-link media-ratio ratio-3-2\" title=\"Kelsy Ully \u2013 Das Leben und die Karriere der Ex-Frau von Jonathan Scott\"><img loading=\"lazy\" decoding=\"async\" width=\"355\" height=\"237\" src=\"https:\/\/echtzeita.de\/wp-content\/uploads\/2025\/11\/a98-450x300.jpg\" class=\"attachment-bunyad-medium size-bunyad-medium wp-post-image\" alt=\"Kelsy Ully\" sizes=\"(max-width: 355px) 100vw, 355px\" title=\"Kelsy Ully \u2013 Das Leben und die Karriere der Ex-Frau von Jonathan Scott\" srcset=\"https:\/\/echtzeita.de\/wp-content\/uploads\/2025\/11\/a98-450x300.jpg 450w, https:\/\/echtzeita.de\/wp-content\/uploads\/2025\/11\/a98-300x200.jpg 300w, https:\/\/echtzeita.de\/wp-content\/uploads\/2025\/11\/a98-1024x683.jpg 1024w, https:\/\/echtzeita.de\/wp-content\/uploads\/2025\/11\/a98-768x512.jpg 768w, https:\/\/echtzeita.de\/wp-content\/uploads\/2025\/11\/a98-1536x1024.jpg 1536w, https:\/\/echtzeita.de\/wp-content\/uploads\/2025\/11\/a98-2048x1365.jpg 2048w, https:\/\/echtzeita.de\/wp-content\/uploads\/2025\/11\/a98-150x100.jpg 150w, https:\/\/echtzeita.de\/wp-content\/uploads\/2025\/11\/a98-1200x800.jpg 1200w\" \/><\/a>\t\t\t\n\t\t\t\n\t\t\t\n\t\t\t\n\t\t\n\t\t<\/div>\n\t\n\n\t\n\t\t<div class=\"content\">\n\n\t\t\t<div class=\"post-meta post-meta-a has-below\"><h2 class=\"is-title post-title limit-lines l-lines-2\"><a href=\"https:\/\/echtzeita.de\/?p=4359\">Kelsy Ully \u2013 Das Leben und die Karriere der Ex-Frau von Jonathan Scott<\/a><\/h2><div class=\"post-meta-items meta-below\"><span class=\"meta-item post-cat\">\n\t\t\t\t\t\t\n\t\t\t\t\t\t<a href=\"https:\/\/echtzeita.de\/?cat=20\" class=\"category term-color-20\" rel=\"category\">Nachricht<\/a>\n\t\t\t\t\t<\/span>\n\t\t\t\t\t<span class=\"meta-item date\"><span class=\"date-link\"><time class=\"post-date\" datetime=\"2025-11-07T09:11:15+00:00\">November 7, 2025<\/time><\/span><\/span><\/div><\/div>\t\t\t\n\t\t\t\t\t\t\n\t\t\t\t<div class=\"excerpt\">\n\t\t\t\t\t<p>Kelsy Ully ist eine kanadische Gesch\u00e4ftsfrau, die vor allem durch ihre&hellip;<\/p>\n\t\t\t\t<\/div>\n\t\t\t\n\t\t\t\n\t\t\t\n\t\t<\/div>\n\n\t\n<\/article>\n\t\t\n\t<\/div>\n\n\t\t\t\t\t<\/div>\n\n\t\t<\/section>\n\t\t\t\t\t\t<\/div>\n\t\t\t\t<\/div>\n\t\t\t\t\t<\/div>\n\t\t<\/div>\n\t\t\t\t<div class=\"elementor-column elementor-col-33 elementor-top-column elementor-element elementor-element-f041d94\" data-id=\"f041d94\" data-element_type=\"column\" data-e-type=\"column\">\n\t\t\t<div class=\"elementor-widget-wrap elementor-element-populated\">\n\t\t\t\t\t\t<div class=\"elementor-element elementor-element-5fc3e60 elementor-widget elementor-widget-smartmag-grid\" data-id=\"5fc3e60\" data-element_type=\"widget\" data-e-type=\"widget\" data-widget_type=\"smartmag-grid.default\">\n\t\t\t\t<div class=\"elementor-widget-container\">\n\t\t\t\t\t\t\t<section class=\"block-wrap block-grid block-sc mb-none\" data-id=\"5\">\n\n\t\t\t\t\t\t\t\t\n\t\t\t\t\t\t\t\n\t\t\t\t<div class=\"block-head block-head-e block-head-e2 is-left\">\n\n\t\t\t\t\t<h4 class=\"heading\">Beliebt<\/h4>\t\t\t\t\t\n\t\t\t\t\t\t\t\t\t<\/div>\n\t\t\t\t\n\t\t\t\n\t\t\t\n\t\t\t<div class=\"block-content\">\n\t\t\t\t\t\n\t<div class=\"loop loop-grid loop-grid-base grid grid-1 md:grid-1 xs:grid-1\">\n\n\t\t\t\t\t\n<article class=\"l-post grid-post grid-base-post\">\n\n\t\n\t\t\t<div class=\"media\">\n\n\t\t\n\t\t\t<a href=\"https:\/\/echtzeita.de\/?p=4750\" class=\"image-link media-ratio ratio-16-9\" title=\"Jesse Lee Plant \u2013 Leben, Herkunft und unbekannte Fakten\"><img loading=\"lazy\" decoding=\"async\" width=\"377\" height=\"212\" src=\"https:\/\/echtzeita.de\/wp-content\/uploads\/2026\/02\/a208-450x300.webp\" class=\"attachment-bunyad-medium size-bunyad-medium wp-post-image\" alt=\"Jesse Lee Plant\" sizes=\"(max-width: 377px) 100vw, 377px\" title=\"Jesse Lee Plant \u2013 Leben, Herkunft und unbekannte Fakten\" srcset=\"https:\/\/echtzeita.de\/wp-content\/uploads\/2026\/02\/a208-450x300.webp 450w, https:\/\/echtzeita.de\/wp-content\/uploads\/2026\/02\/a208-768x512.webp 768w, https:\/\/echtzeita.de\/wp-content\/uploads\/2026\/02\/a208.webp 1024w\" \/><\/a>\t\t\t\n\t\t\t\n\t\t\t\n\t\t\t\n\t\t\n\t\t<\/div>\n\t\n\n\t\n\t\t<div class=\"content\">\n\n\t\t\t<div class=\"post-meta post-meta-a has-below\"><h2 class=\"is-title post-title\"><a href=\"https:\/\/echtzeita.de\/?p=4750\">Jesse Lee Plant \u2013 Leben, Herkunft und unbekannte Fakten<\/a><\/h2><div class=\"post-meta-items meta-below\"><span class=\"meta-item post-cat\">\n\t\t\t\t\t\t\n\t\t\t\t\t\t<a href=\"https:\/\/echtzeita.de\/?cat=20\" class=\"category term-color-20\" rel=\"category\">Nachricht<\/a>\n\t\t\t\t\t<\/span>\n\t\t\t\t\t<span class=\"meta-item date\"><span class=\"date-link\"><time class=\"post-date\" datetime=\"2026-02-19T07:34:59+00:00\">February 19, 2026<\/time><\/span><\/span><\/div><\/div>\t\t\t\n\t\t\t\t\t\t\n\t\t\t\t<div class=\"excerpt\">\n\t\t\t\t\t<p>Jesse Lee Plant ist vielen Musikfans ein Begriff, obwohl er selbst kaum&hellip;<\/p>\n\t\t\t\t<\/div>\n\t\t\t\n\t\t\t\n\t\t\t\n\t\t<\/div>\n\n\t\n<\/article>\t\t\n\t<\/div>\n\n\t\t\n\t\t\t<\/div>\n\n\t\t<\/section>\n\t\t\t\t\t\t<\/div>\n\t\t\t\t<\/div>\n\t\t\t\t<div class=\"elementor-element elementor-element-fc4b633 elementor-widget-divider--view-line elementor-widget elementor-widget-divider\" data-id=\"fc4b633\" data-element_type=\"widget\" data-e-type=\"widget\" data-widget_type=\"divider.default\">\n\t\t\t\t\t\t\t<div class=\"elementor-divider\">\n\t\t\t<span class=\"elementor-divider-separator\">\n\t\t\t\t\t\t<\/span>\n\t\t<\/div>\n\t\t\t\t\t\t<\/div>\n\t\t\t\t<div class=\"elementor-element elementor-element-9071e48 elementor-widget elementor-widget-smartmag-postssmall\" data-id=\"9071e48\" data-element_type=\"widget\" data-e-type=\"widget\" data-widget_type=\"smartmag-postssmall.default\">\n\t\t\t\t<div class=\"elementor-widget-container\">\n\t\t\t\t\t\t\t<section class=\"block-wrap block-posts-small block-sc\" data-id=\"6\">\n\n\t\t\t\t\n\t\t\t<div class=\"block-content\">\n\t\t\t\t\n\t<div class=\"loop loop-small loop-small- grid grid-1 md:grid-1 sm:grid-1 xs:grid-1\">\n\n\t\t\t\t\t\n<article class=\"l-post small-post m-pos-left\">\n\n\t\n\t\t\t<div class=\"media\">\n\n\t\t\n\t\t\t<a href=\"https:\/\/echtzeita.de\/?p=4112\" class=\"image-link media-ratio ratio-4-3\" title=\"Atila Altaunbay: Leben, Ehe mit Grace Jones &amp; Verm\u00e4chtnis\"><img loading=\"lazy\" decoding=\"async\" width=\"130\" height=\"98\" src=\"https:\/\/echtzeita.de\/wp-content\/uploads\/2025\/09\/a24-300x180.jpg\" class=\"attachment-medium size-medium wp-post-image\" alt=\"atila altaunbay\" sizes=\"(max-width: 130px) 100vw, 130px\" title=\"Atila Altaunbay: Leben, Ehe mit Grace Jones &amp; Verm\u00e4chtnis\" srcset=\"https:\/\/echtzeita.de\/wp-content\/uploads\/2025\/09\/a24-300x180.jpg 300w, https:\/\/echtzeita.de\/wp-content\/uploads\/2025\/09\/a24-768x461.jpg 768w, https:\/\/echtzeita.de\/wp-content\/uploads\/2025\/09\/a24-150x90.jpg 150w, https:\/\/echtzeita.de\/wp-content\/uploads\/2025\/09\/a24-450x270.jpg 450w, https:\/\/echtzeita.de\/wp-content\/uploads\/2025\/09\/a24.jpg 1000w\" \/><\/a>\t\t\t\n\t\t\t\n\t\t\t\n\t\t\t\n\t\t\n\t\t<\/div>\n\t\n\n\t\n\t\t<div class=\"content\">\n\n\t\t\t<div class=\"post-meta post-meta-a post-meta-left has-below\"><h4 class=\"is-title post-title limit-lines l-lines-2\"><a href=\"https:\/\/echtzeita.de\/?p=4112\">Atila Altaunbay: Leben, Ehe mit Grace Jones &amp; Verm\u00e4chtnis<\/a><\/h4><div class=\"post-meta-items meta-below\"><span class=\"meta-item date\"><span class=\"date-link\"><time class=\"post-date\" datetime=\"2025-09-30T19:08:59+00:00\">September 30, 2025<\/time><\/span><\/span><\/div><\/div>\t\t\t\n\t\t\t\n\t\t\t\n\t\t<\/div>\n\n\t\n<\/article>\t\n\t\t\t\t\t\n<article class=\"l-post small-post m-pos-left\">\n\n\t\n\t\t\t<div class=\"media\">\n\n\t\t\n\t\t\t<a href=\"https:\/\/echtzeita.de\/?p=4276\" class=\"image-link media-ratio ratio-4-3\" title=\"Sacha Stacey \u2013 Das Leben der Ehefrau von Martyn Ford\"><img loading=\"lazy\" decoding=\"async\" width=\"130\" height=\"98\" src=\"https:\/\/echtzeita.de\/wp-content\/uploads\/2025\/10\/a73-300x150.jpg\" class=\"attachment-medium size-medium wp-post-image\" alt=\"sacha stacey\" sizes=\"(max-width: 130px) 100vw, 130px\" title=\"Sacha Stacey \u2013 Das Leben der Ehefrau von Martyn Ford\" srcset=\"https:\/\/echtzeita.de\/wp-content\/uploads\/2025\/10\/a73-300x150.jpg 300w, https:\/\/echtzeita.de\/wp-content\/uploads\/2025\/10\/a73-1024x512.jpg 1024w, https:\/\/echtzeita.de\/wp-content\/uploads\/2025\/10\/a73-768x384.jpg 768w, https:\/\/echtzeita.de\/wp-content\/uploads\/2025\/10\/a73-1536x768.jpg 1536w, https:\/\/echtzeita.de\/wp-content\/uploads\/2025\/10\/a73-2048x1024.jpg 2048w, https:\/\/echtzeita.de\/wp-content\/uploads\/2025\/10\/a73-450x225.jpg 450w, https:\/\/echtzeita.de\/wp-content\/uploads\/2025\/10\/a73-1200x600.jpg 1200w\" \/><\/a>\t\t\t\n\t\t\t\n\t\t\t\n\t\t\t\n\t\t\n\t\t<\/div>\n\t\n\n\t\n\t\t<div class=\"content\">\n\n\t\t\t<div class=\"post-meta post-meta-a post-meta-left has-below\"><h4 class=\"is-title post-title limit-lines l-lines-2\"><a href=\"https:\/\/echtzeita.de\/?p=4276\">Sacha Stacey \u2013 Das Leben der Ehefrau von Martyn Ford<\/a><\/h4><div class=\"post-meta-items meta-below\"><span class=\"meta-item date\"><span class=\"date-link\"><time class=\"post-date\" datetime=\"2025-10-26T07:10:41+00:00\">October 26, 2025<\/time><\/span><\/span><\/div><\/div>\t\t\t\n\t\t\t\n\t\t\t\n\t\t<\/div>\n\n\t\n<\/article>\t\n\t\t\t\t\t\n<article class=\"l-post small-post m-pos-left\">\n\n\t\n\t\t\t<div class=\"media\">\n\n\t\t\n\t\t\t<a href=\"https:\/\/echtzeita.de\/?p=4777\" class=\"image-link media-ratio ratio-4-3\" title=\"Lilly Becker \u2013 Biografie, Karriere, Privatleben &amp; aktuelles Leben\"><img loading=\"lazy\" decoding=\"async\" width=\"130\" height=\"98\" src=\"https:\/\/echtzeita.de\/wp-content\/uploads\/2026\/02\/a216-300x200.jpg\" class=\"attachment-medium size-medium wp-post-image\" alt=\"Lilly Becker\" sizes=\"(max-width: 130px) 100vw, 130px\" title=\"Lilly Becker \u2013 Biografie, Karriere, Privatleben &amp; aktuelles Leben\" srcset=\"https:\/\/echtzeita.de\/wp-content\/uploads\/2026\/02\/a216-300x200.jpg 300w, https:\/\/echtzeita.de\/wp-content\/uploads\/2026\/02\/a216-1024x681.jpg 1024w, https:\/\/echtzeita.de\/wp-content\/uploads\/2026\/02\/a216-768x511.jpg 768w, https:\/\/echtzeita.de\/wp-content\/uploads\/2026\/02\/a216-1536x1021.jpg 1536w, https:\/\/echtzeita.de\/wp-content\/uploads\/2026\/02\/a216-2048x1362.jpg 2048w, https:\/\/echtzeita.de\/wp-content\/uploads\/2026\/02\/a216-150x100.jpg 150w, https:\/\/echtzeita.de\/wp-content\/uploads\/2026\/02\/a216-450x299.jpg 450w, https:\/\/echtzeita.de\/wp-content\/uploads\/2026\/02\/a216-1200x798.jpg 1200w\" \/><\/a>\t\t\t\n\t\t\t\n\t\t\t\n\t\t\t\n\t\t\n\t\t<\/div>\n\t\n\n\t\n\t\t<div class=\"content\">\n\n\t\t\t<div class=\"post-meta post-meta-a post-meta-left has-below\"><h4 class=\"is-title post-title limit-lines l-lines-2\"><a href=\"https:\/\/echtzeita.de\/?p=4777\">Lilly Becker \u2013 Biografie, Karriere, Privatleben &amp; aktuelles Leben<\/a><\/h4><div class=\"post-meta-items meta-below\"><span class=\"meta-item date\"><span class=\"date-link\"><time class=\"post-date\" datetime=\"2026-02-27T08:54:46+00:00\">February 27, 2026<\/time><\/span><\/span><\/div><\/div>\t\t\t\n\t\t\t\n\t\t\t\n\t\t<\/div>\n\n\t\n<\/article>\t\n\t\t\n\t<\/div>\n\n\t\t\t\t\t<\/div>\n\n\t\t<\/section>\n\t\t\t\t\t\t<\/div>\n\t\t\t\t<\/div>\n\t\t\t\t\t<\/div>\n\t\t<\/div>\n\t\t\t\t\t<\/div>\n\t\t<\/section>\n\t\t\t\t<section class=\"has-el-gap el-gap-default elementor-section elementor-top-section elementor-element elementor-element-00b52d2 elementor-section-boxed elementor-section-height-default elementor-section-height-default\" data-id=\"00b52d2\" data-element_type=\"section\" data-e-type=\"section\" data-settings=\"{&quot;background_background&quot;:&quot;classic&quot;}\">\n\t\t\t\t\t\t<div class=\"elementor-container elementor-column-gap-no\">\n\t\t\t\t\t<div class=\"elementor-column elementor-col-100 elementor-top-column elementor-element elementor-element-09f48f8\" data-id=\"09f48f8\" data-element_type=\"column\" data-e-type=\"column\">\n\t\t\t<div class=\"elementor-widget-wrap elementor-element-populated\">\n\t\t\t\t\t\t<div class=\"elementor-element elementor-element-e3ac4d8 elementor-widget elementor-widget-smartmag-grid\" data-id=\"e3ac4d8\" data-element_type=\"widget\" data-e-type=\"widget\" data-widget_type=\"smartmag-grid.default\">\n\t\t\t\t<div class=\"elementor-widget-container\">\n\t\t\t\t\t\t\t<section class=\"block-wrap block-grid block-sc s-dark mb-none\" data-id=\"7\">\n\n\t\t\t\t\t\t\t\t\n\t\t\t\t\t\t\t\n\t\t\t\t<div class=\"block-head block-head-ac block-head-b is-left\">\n\n\t\t\t\t\t<h4 class=\"heading\">Meistgelesene Artikel<\/h4>\t\t\t\t\t\n\t\t\t\t\t\t\t\t\t<\/div>\n\t\t\t\t\n\t\t\t\n\t\t\t\n\t\t\t<div class=\"block-content\">\n\t\t\t\t\t\n\t<div class=\"loop loop-grid loop-grid-base grid grid-4 md:grid-2 xs:grid-1\">\n\n\t\t\t\t\t\n<article class=\"l-post grid-post grid-base-post\">\n\n\t\n\t\t\t<div class=\"media\">\n\n\t\t\n\t\t\t<a href=\"https:\/\/echtzeita.de\/?p=4593\" class=\"image-link media-ratio ratio-3-2\" title=\"Stacey Toten \u2013 Leben, Herkunft und ihr pers\u00f6nlicher Weg\"><img loading=\"lazy\" decoding=\"async\" width=\"377\" height=\"251\" src=\"https:\/\/echtzeita.de\/wp-content\/uploads\/2026\/01\/a162-450x300.jpg\" class=\"attachment-bunyad-medium size-bunyad-medium wp-post-image\" alt=\"Stacey Toten\" sizes=\"(max-width: 377px) 100vw, 377px\" title=\"Stacey Toten \u2013 Leben, Herkunft und ihr pers\u00f6nlicher Weg\" srcset=\"https:\/\/echtzeita.de\/wp-content\/uploads\/2026\/01\/a162-450x300.jpg 450w, https:\/\/echtzeita.de\/wp-content\/uploads\/2026\/01\/a162-300x200.jpg 300w, https:\/\/echtzeita.de\/wp-content\/uploads\/2026\/01\/a162-768x512.jpg 768w, https:\/\/echtzeita.de\/wp-content\/uploads\/2026\/01\/a162-150x100.jpg 150w, https:\/\/echtzeita.de\/wp-content\/uploads\/2026\/01\/a162.jpg 1023w\" \/><\/a>\t\t\t\n\t\t\t\n\t\t\t\n\t\t\t\n\t\t\n\t\t<\/div>\n\t\n\n\t\n\t\t<div class=\"content\">\n\n\t\t\t<div class=\"post-meta post-meta-a has-below\"><h2 class=\"is-title post-title\"><a href=\"https:\/\/echtzeita.de\/?p=4593\">Stacey Toten \u2013 Leben, Herkunft und ihr pers\u00f6nlicher Weg<\/a><\/h2><div class=\"post-meta-items meta-below\"><span class=\"meta-item post-cat\">\n\t\t\t\t\t\t\n\t\t\t\t\t\t<a href=\"https:\/\/echtzeita.de\/?cat=20\" class=\"category term-color-20\" rel=\"category\">Nachricht<\/a>\n\t\t\t\t\t<\/span>\n\t\t\t\t\t<span class=\"meta-item date\"><span class=\"date-link\"><time class=\"post-date\" datetime=\"2026-01-05T09:25:36+00:00\">January 5, 2026<\/time><\/span><\/span><\/div><\/div>\t\t\t\n\t\t\t\n\t\t\t\n\t\t<\/div>\n\n\t\n<\/article>\t\t\t\t\t\n<article class=\"l-post grid-post grid-base-post\">\n\n\t\n\t\t\t<div class=\"media\">\n\n\t\t\n\t\t\t<a href=\"https:\/\/echtzeita.de\/?p=4068\" class=\"image-link media-ratio ratio-3-2\" title=\"Rosemarie Fritzl \u2013 Leben, Rolle im Fall Fritzl &amp; \u00f6ffentliches Bild\"><img loading=\"lazy\" decoding=\"async\" width=\"377\" height=\"251\" src=\"https:\/\/echtzeita.de\/wp-content\/uploads\/2025\/09\/A12-450x300.webp\" class=\"attachment-bunyad-medium size-bunyad-medium wp-post-image\" alt=\"rosemarie fritzl\" sizes=\"(max-width: 377px) 100vw, 377px\" title=\"Rosemarie Fritzl \u2013 Leben, Rolle im Fall Fritzl &amp; \u00f6ffentliches Bild\" srcset=\"https:\/\/echtzeita.de\/wp-content\/uploads\/2025\/09\/A12-450x300.webp 450w, https:\/\/echtzeita.de\/wp-content\/uploads\/2025\/09\/A12-300x200.webp 300w, https:\/\/echtzeita.de\/wp-content\/uploads\/2025\/09\/A12-1024x683.webp 1024w, https:\/\/echtzeita.de\/wp-content\/uploads\/2025\/09\/A12-768x512.webp 768w, https:\/\/echtzeita.de\/wp-content\/uploads\/2025\/09\/A12-1536x1024.webp 1536w, https:\/\/echtzeita.de\/wp-content\/uploads\/2025\/09\/A12-150x100.webp 150w, https:\/\/echtzeita.de\/wp-content\/uploads\/2025\/09\/A12-1200x800.webp 1200w, https:\/\/echtzeita.de\/wp-content\/uploads\/2025\/09\/A12.webp 1620w\" \/><\/a>\t\t\t\n\t\t\t\n\t\t\t\n\t\t\t\n\t\t\n\t\t<\/div>\n\t\n\n\t\n\t\t<div class=\"content\">\n\n\t\t\t<div class=\"post-meta post-meta-a has-below\"><h2 class=\"is-title post-title\"><a href=\"https:\/\/echtzeita.de\/?p=4068\">Rosemarie Fritzl \u2013 Leben, Rolle im Fall Fritzl &amp; \u00f6ffentliches Bild<\/a><\/h2><div class=\"post-meta-items meta-below\"><span class=\"meta-item post-cat\">\n\t\t\t\t\t\t\n\t\t\t\t\t\t<a href=\"https:\/\/echtzeita.de\/?cat=20\" class=\"category term-color-20\" rel=\"category\">Nachricht<\/a>\n\t\t\t\t\t<\/span>\n\t\t\t\t\t<span class=\"meta-item date\"><span class=\"date-link\"><time class=\"post-date\" datetime=\"2025-09-24T08:13:44+00:00\">September 24, 2025<\/time><\/span><\/span><\/div><\/div>\t\t\t\n\t\t\t\n\t\t\t\n\t\t<\/div>\n\n\t\n<\/article>\t\t\t\t\t\n<article class=\"l-post grid-post grid-base-post\">\n\n\t\n\t\t\t<div class=\"media\">\n\n\t\t\n\t\t\t<a href=\"https:\/\/echtzeita.de\/?p=4643\" class=\"image-link media-ratio ratio-3-2\" title=\"Lorraine Bracco \u2013 Leben, Karriere und private Einblicke\"><img loading=\"lazy\" decoding=\"async\" width=\"377\" height=\"251\" src=\"https:\/\/echtzeita.de\/wp-content\/uploads\/2026\/01\/a176-450x253.jpg\" class=\"attachment-bunyad-medium size-bunyad-medium wp-post-image\" alt=\"Lorraine Bracco\" sizes=\"(max-width: 377px) 100vw, 377px\" title=\"Lorraine Bracco \u2013 Leben, Karriere und private Einblicke\" srcset=\"https:\/\/echtzeita.de\/wp-content\/uploads\/2026\/01\/a176-450x253.jpg 450w, https:\/\/echtzeita.de\/wp-content\/uploads\/2026\/01\/a176-768x432.jpg 768w, https:\/\/echtzeita.de\/wp-content\/uploads\/2026\/01\/a176.jpg 1014w\" \/><\/a>\t\t\t\n\t\t\t\n\t\t\t\n\t\t\t\n\t\t\n\t\t<\/div>\n\t\n\n\t\n\t\t<div class=\"content\">\n\n\t\t\t<div class=\"post-meta post-meta-a has-below\"><h2 class=\"is-title post-title\"><a href=\"https:\/\/echtzeita.de\/?p=4643\">Lorraine Bracco \u2013 Leben, Karriere und private Einblicke<\/a><\/h2><div class=\"post-meta-items meta-below\"><span class=\"meta-item post-cat\">\n\t\t\t\t\t\t\n\t\t\t\t\t\t<a href=\"https:\/\/echtzeita.de\/?cat=20\" class=\"category term-color-20\" rel=\"category\">Nachricht<\/a>\n\t\t\t\t\t<\/span>\n\t\t\t\t\t<span class=\"meta-item date\"><span class=\"date-link\"><time class=\"post-date\" datetime=\"2026-01-19T06:08:26+00:00\">January 19, 2026<\/time><\/span><\/span><\/div><\/div>\t\t\t\n\t\t\t\n\t\t\t\n\t\t<\/div>\n\n\t\n<\/article>\t\t\t\t\t\n<article class=\"l-post grid-post grid-base-post\">\n\n\t\n\t\t\t<div class=\"media\">\n\n\t\t\n\t\t\t<a href=\"https:\/\/echtzeita.de\/?p=4294\" class=\"image-link media-ratio ratio-3-2\" title=\"Emma Reeves \u2013 Die walisische Drehbuchautorin und Dramatikerin\"><img loading=\"lazy\" decoding=\"async\" width=\"377\" height=\"251\" src=\"https:\/\/echtzeita.de\/wp-content\/uploads\/2025\/10\/a79-450x257.jpg\" class=\"attachment-bunyad-medium size-bunyad-medium wp-post-image\" alt=\"emma reeves\" sizes=\"(max-width: 377px) 100vw, 377px\" title=\"Emma Reeves \u2013 Die walisische Drehbuchautorin und Dramatikerin\" srcset=\"https:\/\/echtzeita.de\/wp-content\/uploads\/2025\/10\/a79-450x257.jpg 450w, https:\/\/echtzeita.de\/wp-content\/uploads\/2025\/10\/a79-1024x585.jpg 1024w, https:\/\/echtzeita.de\/wp-content\/uploads\/2025\/10\/a79-768x439.jpg 768w, https:\/\/echtzeita.de\/wp-content\/uploads\/2025\/10\/a79-1536x878.jpg 1536w, https:\/\/echtzeita.de\/wp-content\/uploads\/2025\/10\/a79-2048x1171.jpg 2048w, https:\/\/echtzeita.de\/wp-content\/uploads\/2025\/10\/a79-1200x686.jpg 1200w\" \/><\/a>\t\t\t\n\t\t\t\n\t\t\t\n\t\t\t\n\t\t\n\t\t<\/div>\n\t\n\n\t\n\t\t<div class=\"content\">\n\n\t\t\t<div class=\"post-meta post-meta-a has-below\"><h2 class=\"is-title post-title\"><a href=\"https:\/\/echtzeita.de\/?p=4294\">Emma Reeves \u2013 Die walisische Drehbuchautorin und Dramatikerin<\/a><\/h2><div class=\"post-meta-items meta-below\"><span class=\"meta-item post-cat\">\n\t\t\t\t\t\t\n\t\t\t\t\t\t<a href=\"https:\/\/echtzeita.de\/?cat=20\" class=\"category term-color-20\" rel=\"category\">Nachricht<\/a>\n\t\t\t\t\t<\/span>\n\t\t\t\t\t<span class=\"meta-item date\"><span class=\"date-link\"><time class=\"post-date\" datetime=\"2025-10-29T10:42:34+00:00\">October 29, 2025<\/time><\/span><\/span><\/div><\/div>\t\t\t\n\t\t\t\n\t\t\t\n\t\t<\/div>\n\n\t\n<\/article>\t\t\n\t<\/div>\n\n\t\t\n\t\t\t<\/div>\n\n\t\t<\/section>\n\t\t\t\t\t\t<\/div>\n\t\t\t\t<\/div>\n\t\t\t\t\t<\/div>\n\t\t<\/div>\n\t\t\t\t\t<\/div>\n\t\t<\/section>\n\t\t\t\t<section class=\"has-el-gap el-gap-lg elementor-section elementor-top-section elementor-element elementor-element-8793dac elementor-section-boxed elementor-section-height-default elementor-section-height-default\" data-id=\"8793dac\" data-element_type=\"section\" data-e-type=\"section\">\n\t\t\t\t\t\t<div class=\"elementor-container elementor-column-gap-no\">\n\t\t\t\t\t<div class=\"elementor-column elementor-col-100 elementor-top-column elementor-element elementor-element-54f1511 main-content\" data-id=\"54f1511\" data-element_type=\"column\" data-e-type=\"column\">\n\t\t\t<div class=\"elementor-widget-wrap elementor-element-populated\">\n\t\t\t\t\t\t<div class=\"elementor-element elementor-element-5af1dc2 elementor-widget elementor-widget-smartmag-postslist\" data-id=\"5af1dc2\" data-element_type=\"widget\" data-e-type=\"widget\" data-widget_type=\"smartmag-postslist.default\">\n\t\t\t\t<div class=\"elementor-widget-container\">\n\t\t\t\t\t\t\t<section class=\"block-wrap block-posts-list block-sc mb-none\" data-id=\"8\" data-block=\"{&quot;id&quot;:&quot;posts-list&quot;,&quot;props&quot;:{&quot;cat_labels&quot;:&quot;&quot;,&quot;cat_labels_pos&quot;:&quot;bot-left&quot;,&quot;reviews&quot;:&quot;radial&quot;,&quot;post_formats_pos&quot;:&quot;center&quot;,&quot;load_more_style&quot;:&quot;a&quot;,&quot;meta_cat_style&quot;:&quot;text&quot;,&quot;media_style_shadow&quot;:0,&quot;meta_sponsor&quot;:1,&quot;meta_sponsor_logo&quot;:0,&quot;meta_sponsor_label&quot;:&quot;Sponsor: {sponsor}&quot;,&quot;meta_above&quot;:[],&quot;meta_below&quot;:[&quot;cat&quot;,&quot;date&quot;],&quot;meta_sponsor_above&quot;:[],&quot;meta_sponsor_below&quot;:[&quot;sponsor&quot;,&quot;date&quot;],&quot;media_ratio&quot;:&quot;&quot;,&quot;media_ratio_custom&quot;:&quot;&quot;,&quot;media_width&quot;:42,&quot;read_more&quot;:&quot;none&quot;,&quot;posts&quot;:8,&quot;pagination&quot;:&quot;1&quot;,&quot;pagination_type&quot;:&quot;load-more&quot;,&quot;excerpt_length&quot;:27,&quot;container_width&quot;:100,&quot;heading_colors&quot;:&quot;none&quot;,&quot;heading&quot;:&quot;Nachricht&quot;,&quot;space_below&quot;:&quot;none&quot;,&quot;query_type&quot;:&quot;custom&quot;,&quot;sort_days&quot;:null,&quot;is_sc_call&quot;:true,&quot;meta_items_default&quot;:true,&quot;meta_sponsor_items_default&quot;:true}}\">\n\n\t\t\t\t\t\t\t\t\n\t\t\t\t\t\t\t\n\t\t\t\t<div class=\"block-head block-head-ac block-head-e block-head-e2 is-left\">\n\n\t\t\t\t\t<h4 class=\"heading\">Nachricht<\/h4>\t\t\t\t\t\n\t\t\t\t\t\t\t\t\t<\/div>\n\t\t\t\t\n\t\t\t\n\t\t\t\n\t\t\t<div class=\"block-content\">\n\t\t\t\t\t\n\t<div class=\"loop loop-list loop-sep loop-list-sep grid grid-1 md:grid-1 sm:grid-1\">\n\n\t\t\t\t\n\t\t\t\n<article class=\"l-post list-post list-post-on-sm m-pos-left\">\n\n\t\n\t\t\t<div class=\"media\">\n\n\t\t\n\t\t\t<a href=\"https:\/\/echtzeita.de\/?p=4873\" class=\"image-link media-ratio ratio-3-2\" title=\"Ingo Zamperoni \u2013 Biografie, Karriere, Familie &amp; Fakten\"><img loading=\"lazy\" decoding=\"async\" width=\"502\" height=\"335\" src=\"https:\/\/echtzeita.de\/wp-content\/uploads\/2026\/04\/e1-768x432.jpg\" class=\"attachment-bunyad-768 size-bunyad-768 wp-post-image\" alt=\"Ingo Zamperoni\" sizes=\"(max-width: 502px) 100vw, 502px\" title=\"Ingo Zamperoni \u2013 Biografie, Karriere, Familie &amp; Fakten\" srcset=\"https:\/\/echtzeita.de\/wp-content\/uploads\/2026\/04\/e1-768x432.jpg 768w, https:\/\/echtzeita.de\/wp-content\/uploads\/2026\/04\/e1.jpg 960w\" \/><\/a>\t\t\t\n\t\t\t\n\t\t\t\n\t\t\t\n\t\t\n\t\t<\/div>\n\t\n\n\t\n\t\t<div class=\"content\">\n\n\t\t\t<div class=\"post-meta post-meta-a has-below\"><h2 class=\"is-title post-title\"><a href=\"https:\/\/echtzeita.de\/?p=4873\">Ingo Zamperoni \u2013 Biografie, Karriere, Familie &amp; Fakten<\/a><\/h2><div class=\"post-meta-items meta-below\"><span class=\"meta-item post-cat\">\n\t\t\t\t\t\t\n\t\t\t\t\t\t<a href=\"https:\/\/echtzeita.de\/?cat=20\" class=\"category term-color-20\" rel=\"category\">Nachricht<\/a>\n\t\t\t\t\t<\/span>\n\t\t\t\t\t<span class=\"meta-item date\"><span class=\"date-link\"><time class=\"post-date\" datetime=\"2026-04-20T09:16:52+00:00\">April 20, 2026<\/time><\/span><\/span><\/div><\/div>\t\t\t\n\t\t\t\t\t\t\n\t\t\t\t<div class=\"excerpt\">\n\t\t\t\t\t<p>Einleitung: Ingo Zamperoni geh\u00f6rt zu den bekanntesten Gesichtern im deutschen Fernsehen und hat sich durch seine ruhige und sachliche Art einen festen Platz im Journalismus gesichert. Besonders&hellip;<\/p>\n\t\t\t\t<\/div>\n\t\t\t\n\t\t\t\n\t\t\t\n\t\t<\/div>\n\n\t\n<\/article>\n\t\t\t\t\n\t\t\t\n<article class=\"l-post list-post list-post-on-sm m-pos-left\">\n\n\t\n\t\t\t<div class=\"media\">\n\n\t\t\n\t\t\t<a href=\"https:\/\/echtzeita.de\/?p=4865\" class=\"image-link media-ratio ratio-3-2\" title=\"Julius Randle Injury: Aktuelle Updates, Schweregrad und Comeback\"><img loading=\"lazy\" decoding=\"async\" width=\"502\" height=\"335\" src=\"https:\/\/echtzeita.de\/wp-content\/uploads\/2026\/03\/a244.png\" class=\"attachment-large size-large wp-post-image\" alt=\"Julius Randle Injury\" sizes=\"(max-width: 502px) 100vw, 502px\" title=\"Julius Randle Injury: Aktuelle Updates, Schweregrad und Comeback\" \/><\/a>\t\t\t\n\t\t\t\n\t\t\t\n\t\t\t\n\t\t\n\t\t<\/div>\n\t\n\n\t\n\t\t<div class=\"content\">\n\n\t\t\t<div class=\"post-meta post-meta-a has-below\"><h2 class=\"is-title post-title\"><a href=\"https:\/\/echtzeita.de\/?p=4865\">Julius Randle Injury: Aktuelle Updates, Schweregrad und Comeback<\/a><\/h2><div class=\"post-meta-items meta-below\"><span class=\"meta-item post-cat\">\n\t\t\t\t\t\t\n\t\t\t\t\t\t<a href=\"https:\/\/echtzeita.de\/?cat=20\" class=\"category term-color-20\" rel=\"category\">Nachricht<\/a>\n\t\t\t\t\t<\/span>\n\t\t\t\t\t<span class=\"meta-item date\"><span class=\"date-link\"><time class=\"post-date\" datetime=\"2026-03-26T07:43:27+00:00\">March 26, 2026<\/time><\/span><\/span><\/div><\/div>\t\t\t\n\t\t\t\t\t\t\n\t\t\t\t<div class=\"excerpt\">\n\t\t\t\t\t<p>Wenche Myhre ist eine der bekanntesten norwegischen S\u00e4ngerinnen und Schauspielerinnen, die in den 1960er- und 1970er-Jahren gro\u00dfe Erfolge feierte. Ihre fr\u00f6hliche B\u00fchnenpr\u00e4senz, Schlagerhits und Fernsehauftritte machten sie&hellip;<\/p>\n\t\t\t\t<\/div>\n\t\t\t\n\t\t\t\n\t\t\t\n\t\t<\/div>\n\n\t\n<\/article>\n\t\t\t\t\n\t\t\t\n<article class=\"l-post list-post list-post-on-sm m-pos-left\">\n\n\t\n\t\t\t<div class=\"media\">\n\n\t\t\n\t\t\t<a href=\"https:\/\/echtzeita.de\/?p=4862\" class=\"image-link media-ratio ratio-3-2\" title=\"Svenja Dierk Kinder \u2013 Familie, Privatleben und alle Infos im \u00dcberblick\"><img loading=\"lazy\" decoding=\"async\" width=\"502\" height=\"335\" src=\"https:\/\/echtzeita.de\/wp-content\/uploads\/2026\/03\/a243.png\" class=\"attachment-large size-large wp-post-image\" alt=\"Svenja Dierk Kinder\" sizes=\"(max-width: 502px) 100vw, 502px\" title=\"Svenja Dierk Kinder \u2013 Familie, Privatleben und alle Infos im \u00dcberblick\" \/><\/a>\t\t\t\n\t\t\t\n\t\t\t\n\t\t\t\n\t\t\n\t\t<\/div>\n\t\n\n\t\n\t\t<div class=\"content\">\n\n\t\t\t<div class=\"post-meta post-meta-a has-below\"><h2 class=\"is-title post-title\"><a href=\"https:\/\/echtzeita.de\/?p=4862\">Svenja Dierk Kinder \u2013 Familie, Privatleben und alle Infos im \u00dcberblick<\/a><\/h2><div class=\"post-meta-items meta-below\"><span class=\"meta-item post-cat\">\n\t\t\t\t\t\t\n\t\t\t\t\t\t<a href=\"https:\/\/echtzeita.de\/?cat=20\" class=\"category term-color-20\" rel=\"category\">Nachricht<\/a>\n\t\t\t\t\t<\/span>\n\t\t\t\t\t<span class=\"meta-item date\"><span class=\"date-link\"><time class=\"post-date\" datetime=\"2026-03-26T06:57:59+00:00\">March 26, 2026<\/time><\/span><\/span><\/div><\/div>\t\t\t\n\t\t\t\t\t\t\n\t\t\t\t<div class=\"excerpt\">\n\t\t\t\t\t<p>Svenja Dierk ist eine Pers\u00f6nlichkeit, \u00fcber die viele Menschen mehr erfahren m\u00f6chten, besonders wenn es um ihr Privatleben und das Thema Svenja Dierk Kinder geht. Obwohl sie&hellip;<\/p>\n\t\t\t\t<\/div>\n\t\t\t\n\t\t\t\n\t\t\t\n\t\t<\/div>\n\n\t\n<\/article>\n\t\t\t\t\n\t\t\t\n<article class=\"l-post list-post list-post-on-sm m-pos-left\">\n\n\t\n\t\t\t<div class=\"media\">\n\n\t\t\n\t\t\t<a href=\"https:\/\/echtzeita.de\/?p=4859\" class=\"image-link media-ratio ratio-3-2\" title=\"Ronnie Coleman Police \u2013 Die Wahrheit \u00fcber seine Karriere als Polizist\"><img loading=\"lazy\" decoding=\"async\" width=\"502\" height=\"335\" src=\"https:\/\/echtzeita.de\/wp-content\/uploads\/2026\/03\/a242.png\" class=\"attachment-large size-large wp-post-image\" alt=\"Ronnie Coleman Police\" sizes=\"(max-width: 502px) 100vw, 502px\" title=\"Ronnie Coleman Police \u2013 Die Wahrheit \u00fcber seine Karriere als Polizist\" \/><\/a>\t\t\t\n\t\t\t\n\t\t\t\n\t\t\t\n\t\t\n\t\t<\/div>\n\t\n\n\t\n\t\t<div class=\"content\">\n\n\t\t\t<div class=\"post-meta post-meta-a has-below\"><h2 class=\"is-title post-title\"><a href=\"https:\/\/echtzeita.de\/?p=4859\">Ronnie Coleman Police \u2013 Die Wahrheit \u00fcber seine Karriere als Polizist<\/a><\/h2><div class=\"post-meta-items meta-below\"><span class=\"meta-item post-cat\">\n\t\t\t\t\t\t\n\t\t\t\t\t\t<a href=\"https:\/\/echtzeita.de\/?cat=20\" class=\"category term-color-20\" rel=\"category\">Nachricht<\/a>\n\t\t\t\t\t<\/span>\n\t\t\t\t\t<span class=\"meta-item date\"><span class=\"date-link\"><time class=\"post-date\" datetime=\"2026-03-25T07:44:36+00:00\">March 25, 2026<\/time><\/span><\/span><\/div><\/div>\t\t\t\n\t\t\t\t\t\t\n\t\t\t\t<div class=\"excerpt\">\n\t\t\t\t\t<p>Der Begriff \u201eRonnie Coleman Police\u201c sorgt bei vielen Menschen f\u00fcr Neugier, denn er verbindet zwei v\u00f6llig unterschiedliche Welten miteinander: Polizeiarbeit und professionelles Bodybuilding. Ronnie Coleman ist nicht&hellip;<\/p>\n\t\t\t\t<\/div>\n\t\t\t\n\t\t\t\n\t\t\t\n\t\t<\/div>\n\n\t\n<\/article>\n\t\t\t\t\n\t\t\t\n<article class=\"l-post list-post list-post-on-sm m-pos-left\">\n\n\t\n\t\t\t<div class=\"media\">\n\n\t\t\n\t\t\t<a href=\"https:\/\/echtzeita.de\/?p=4856\" class=\"image-link media-ratio ratio-3-2\" title=\"Gordon Ramsay Verm\u00f6gen \u2013 Wie reich ist der Starkoch wirklich?\"><img loading=\"lazy\" decoding=\"async\" width=\"502\" height=\"335\" src=\"https:\/\/echtzeita.de\/wp-content\/uploads\/2026\/03\/a241.png\" class=\"attachment-large size-large wp-post-image\" alt=\"Gordon Ramsay Verm\u00f6gen\" sizes=\"(max-width: 502px) 100vw, 502px\" title=\"Gordon Ramsay Verm\u00f6gen \u2013 Wie reich ist der Starkoch wirklich?\" \/><\/a>\t\t\t\n\t\t\t\n\t\t\t\n\t\t\t\n\t\t\n\t\t<\/div>\n\t\n\n\t\n\t\t<div class=\"content\">\n\n\t\t\t<div class=\"post-meta post-meta-a has-below\"><h2 class=\"is-title post-title\"><a href=\"https:\/\/echtzeita.de\/?p=4856\">Gordon Ramsay Verm\u00f6gen \u2013 Wie reich ist der Starkoch wirklich?<\/a><\/h2><div class=\"post-meta-items meta-below\"><span class=\"meta-item post-cat\">\n\t\t\t\t\t\t\n\t\t\t\t\t\t<a href=\"https:\/\/echtzeita.de\/?cat=20\" class=\"category term-color-20\" rel=\"category\">Nachricht<\/a>\n\t\t\t\t\t<\/span>\n\t\t\t\t\t<span class=\"meta-item date\"><span class=\"date-link\"><time class=\"post-date\" datetime=\"2026-03-25T07:18:19+00:00\">March 25, 2026<\/time><\/span><\/span><\/div><\/div>\t\t\t\n\t\t\t\t\t\t\n\t\t\t\t<div class=\"excerpt\">\n\t\t\t\t\t<p>Das Gordon Ramsay Verm\u00f6gen interessiert viele Menschen, da er nicht nur ein ber\u00fchmter Koch, sondern auch ein erfolgreicher Unternehmer und TV-Star ist. Mit seinen Restaurants, Fernsehsendungen und&hellip;<\/p>\n\t\t\t\t<\/div>\n\t\t\t\n\t\t\t\n\t\t\t\n\t\t<\/div>\n\n\t\n<\/article>\n\t\t\t\t\n\t\t\t\n<article class=\"l-post list-post list-post-on-sm m-pos-left\">\n\n\t\n\t\t\t<div class=\"media\">\n\n\t\t\n\t\t\t<a href=\"https:\/\/echtzeita.de\/?p=4853\" class=\"image-link media-ratio ratio-3-2\" title=\"Gordon Ramsay Kinder \u2013 Alles \u00fcber die Familie des Starkochs\"><img loading=\"lazy\" decoding=\"async\" width=\"502\" height=\"335\" src=\"https:\/\/echtzeita.de\/wp-content\/uploads\/2026\/03\/a240.png\" class=\"attachment-large size-large wp-post-image\" alt=\"Gordon Ramsay Kinder\" sizes=\"(max-width: 502px) 100vw, 502px\" title=\"Gordon Ramsay Kinder \u2013 Alles \u00fcber die Familie des Starkochs\" \/><\/a>\t\t\t\n\t\t\t\n\t\t\t\n\t\t\t\n\t\t\n\t\t<\/div>\n\t\n\n\t\n\t\t<div class=\"content\">\n\n\t\t\t<div class=\"post-meta post-meta-a has-below\"><h2 class=\"is-title post-title\"><a href=\"https:\/\/echtzeita.de\/?p=4853\">Gordon Ramsay Kinder \u2013 Alles \u00fcber die Familie des Starkochs<\/a><\/h2><div class=\"post-meta-items meta-below\"><span class=\"meta-item post-cat\">\n\t\t\t\t\t\t\n\t\t\t\t\t\t<a href=\"https:\/\/echtzeita.de\/?cat=20\" class=\"category term-color-20\" rel=\"category\">Nachricht<\/a>\n\t\t\t\t\t<\/span>\n\t\t\t\t\t<span class=\"meta-item date\"><span class=\"date-link\"><time class=\"post-date\" datetime=\"2026-03-24T11:27:31+00:00\">March 24, 2026<\/time><\/span><\/span><\/div><\/div>\t\t\t\n\t\t\t\t\t\t\n\t\t\t\t<div class=\"excerpt\">\n\t\t\t\t\t<p>Wenche Myhre ist eine der bekanntesten norwegischen S\u00e4ngerinnen und Schauspielerinnen, die vor allem in den 1960er- und 1970er-Jahren gro\u00dfe Erfolge feierte. Ihre Lieder, TV-Auftritte und B\u00fchnenpr\u00e4senz machten&hellip;<\/p>\n\t\t\t\t<\/div>\n\t\t\t\n\t\t\t\n\t\t\t\n\t\t<\/div>\n\n\t\n<\/article>\n\t\t\t\t\n\t\t\t\n<article class=\"l-post list-post list-post-on-sm m-pos-left\">\n\n\t\n\t\t\t<div class=\"media\">\n\n\t\t\n\t\t\t<a href=\"https:\/\/echtzeita.de\/?p=4850\" class=\"image-link media-ratio ratio-3-2\" title=\"Kevin Costner Filme \u2013 Die besten Filme, Genres &amp; Neuerscheinungen im \u00dcberblick\"><img loading=\"lazy\" decoding=\"async\" width=\"502\" height=\"335\" src=\"https:\/\/echtzeita.de\/wp-content\/uploads\/2026\/03\/b1.png\" class=\"attachment-large size-large wp-post-image\" alt=\"Kevin Costner Filme\" sizes=\"(max-width: 502px) 100vw, 502px\" title=\"Kevin Costner Filme \u2013 Die besten Filme, Genres &amp; Neuerscheinungen im \u00dcberblick\" \/><\/a>\t\t\t\n\t\t\t\n\t\t\t\n\t\t\t\n\t\t\n\t\t<\/div>\n\t\n\n\t\n\t\t<div class=\"content\">\n\n\t\t\t<div class=\"post-meta post-meta-a has-below\"><h2 class=\"is-title post-title\"><a href=\"https:\/\/echtzeita.de\/?p=4850\">Kevin Costner Filme \u2013 Die besten Filme, Genres &amp; Neuerscheinungen im \u00dcberblick<\/a><\/h2><div class=\"post-meta-items meta-below\"><span class=\"meta-item post-cat\">\n\t\t\t\t\t\t\n\t\t\t\t\t\t<a href=\"https:\/\/echtzeita.de\/?cat=20\" class=\"category term-color-20\" rel=\"category\">Nachricht<\/a>\n\t\t\t\t\t<\/span>\n\t\t\t\t\t<span class=\"meta-item date\"><span class=\"date-link\"><time class=\"post-date\" datetime=\"2026-03-24T10:36:53+00:00\">March 24, 2026<\/time><\/span><\/span><\/div><\/div>\t\t\t\n\t\t\t\t\t\t\n\t\t\t\t<div class=\"excerpt\">\n\t\t\t\t\t<p>Kevin Costner Filme geh\u00f6ren zu den bekanntesten und beliebtesten Filmen weltweit, da sie spannende Geschichten, starke Emotionen und verschiedene Genres miteinander verbinden. Viele Zuschauer sch\u00e4tzen seine Filme,&hellip;<\/p>\n\t\t\t\t<\/div>\n\t\t\t\n\t\t\t\n\t\t\t\n\t\t<\/div>\n\n\t\n<\/article>\n\t\t\t\t\n\t\t\t\n<article class=\"l-post list-post list-post-on-sm m-pos-left\">\n\n\t\n\t\t\t<div class=\"media\">\n\n\t\t\n\t\t\t<a href=\"https:\/\/echtzeita.de\/?p=4845\" class=\"image-link media-ratio ratio-3-2\" title=\"Wenche Myhre \u2013 Leben, Karriere und pers\u00f6nliche Geschichte der norwegischen S\u00e4ngerin\"><img loading=\"lazy\" decoding=\"async\" width=\"502\" height=\"335\" src=\"https:\/\/echtzeita.de\/wp-content\/uploads\/2026\/03\/a238.jpg\" class=\"attachment-large size-large wp-post-image\" alt=\"Wenche Myhre\" sizes=\"(max-width: 502px) 100vw, 502px\" title=\"Wenche Myhre \u2013 Leben, Karriere und pers\u00f6nliche Geschichte der norwegischen S\u00e4ngerin\" srcset=\"https:\/\/echtzeita.de\/wp-content\/uploads\/2026\/03\/a238.jpg 660w, https:\/\/echtzeita.de\/wp-content\/uploads\/2026\/03\/a238-450x341.jpg 450w\" \/><\/a>\t\t\t\n\t\t\t\n\t\t\t\n\t\t\t\n\t\t\n\t\t<\/div>\n\t\n\n\t\n\t\t<div class=\"content\">\n\n\t\t\t<div class=\"post-meta post-meta-a has-below\"><h2 class=\"is-title post-title\"><a href=\"https:\/\/echtzeita.de\/?p=4845\">Wenche Myhre \u2013 Leben, Karriere und pers\u00f6nliche Geschichte der norwegischen S\u00e4ngerin<\/a><\/h2><div class=\"post-meta-items meta-below\"><span class=\"meta-item post-cat\">\n\t\t\t\t\t\t\n\t\t\t\t\t\t<a href=\"https:\/\/echtzeita.de\/?cat=20\" class=\"category term-color-20\" rel=\"category\">Nachricht<\/a>\n\t\t\t\t\t<\/span>\n\t\t\t\t\t<span class=\"meta-item date\"><span class=\"date-link\"><time class=\"post-date\" datetime=\"2026-03-13T09:58:44+00:00\">March 13, 2026<\/time><\/span><\/span><\/div><\/div>\t\t\t\n\t\t\t\t\t\t\n\t\t\t\t<div class=\"excerpt\">\n\t\t\t\t\t<p>Wenche Myhre geh\u00f6rt seit vielen Jahrzehnten zu den bekanntesten S\u00e4ngerinnen Europas. Die norwegische K\u00fcnstlerin wurde besonders in den 1960er- und 1970er-Jahren durch ihre fr\u00f6hlichen Schlager und ihre&hellip;<\/p>\n\t\t\t\t<\/div>\n\t\t\t\n\t\t\t\n\t\t\t\n\t\t<\/div>\n\n\t\n<\/article>\n\t\t\n\t<\/div>\n\n\t\n\n\t\n\t\t\n\t<div class=\"main-pagination pagination-more\" data-type=\"load-more\">\n\t\t<a href=\"https:\/\/echtzeita.de\/index.php?rest_route=%2Fwp%2Fv2%2Fpages%2F3670&#038;paged=2\" class=\"ts-button load-button load-button-a ts-button-alt\" data-page=\"1\">\n\t\t\t\tLoad More \n\t\t\t\t<i class=\"icon tsi tsi-repeat\"><\/i>\n\t\t<\/a>\n\t<\/div>\t\n\t\n\t\n\n\t\t\t\t<\/div>\n\n\t\t<\/section>\n\t\t\t\t\t\t<\/div>\n\t\t\t\t<\/div>\n\t\t\t\t\t<\/div>\n\t\t<\/div>\n\t\t\t\t\t<\/div>\n\t\t<\/section>\n\t\t\t\t<\/div>\n\t\t","protected":false},"excerpt":{"rendered":"<p>Top-Storys Carter Belfort: Leben, Karriere &amp; Hintergr\u00fcnde Nachricht September 26, 2025 Carter Belfort, geboren am 15. August 1995, ist vielen Menschen vor allem&hellip; Nakyung Park \u2013 Biografie, Kunst und Leben an der Seite von Wesley Snipes September 24, 2025 Ronald Fenty: Wer war er wirklich? September 19, 2025 Paula Dietz \u2013 Ein Leben im Schatten<\/p>\n","protected":false},"author":1,"featured_media":0,"parent":0,"menu_order":0,"comment_status":"closed","ping_status":"closed","template":"page-templates\/no-wrapper.php","meta":{"footnotes":""},"class_list":["post-3670","page","type-page","status-publish"],"_hostinger_reach_plugin_has_subscription_block":false,"_hostinger_reach_plugin_is_elementor":false,"_links":{"self":[{"href":"https:\/\/echtzeita.de\/index.php?rest_route=\/wp\/v2\/pages\/3670","targetHints":{"allow":["GET"]}}],"collection":[{"href":"https:\/\/echtzeita.de\/index.php?rest_route=\/wp\/v2\/pages"}],"about":[{"href":"https:\/\/echtzeita.de\/index.php?rest_route=\/wp\/v2\/types\/page"}],"author":[{"embeddable":true,"href":"https:\/\/echtzeita.de\/index.php?rest_route=\/wp\/v2\/users\/1"}],"replies":[{"embeddable":true,"href":"https:\/\/echtzeita.de\/index.php?rest_route=%2Fwp%2Fv2%2Fcomments&post=3670"}],"version-history":[{"count":0,"href":"https:\/\/echtzeita.de\/index.php?rest_route=\/wp\/v2\/pages\/3670\/revisions"}],"wp:attachment":[{"href":"https:\/\/echtzeita.de\/index.php?rest_route=%2Fwp%2Fv2%2Fmedia&parent=3670"}],"curies":[{"name":"wp","href":"https:\/\/api.w.org\/{rel}","templated":true}]}}